{"id":2,"date":"2025-10-16T08:07:18","date_gmt":"2025-10-16T08:07:18","guid":{"rendered":"http:\/\/societedesoutien-international-boualemsansal.fr\/?page_id=2"},"modified":"2025-10-20T20:15:47","modified_gmt":"2025-10-20T20:15:47","slug":"sample-page","status":"publish","type":"page","link":"https:\/\/societedesoutien-international-boualemsansal.fr\/?page_id=2","title":{"rendered":"Une vie, une \u0153uvre"},"content":{"rendered":"\n<div class=\"wp-block-media-text is-stacked-on-mobile\"><figure class=\"wp-block-media-text__media\"><img loading=\"lazy\" decoding=\"async\" width=\"289\" height=\"343\" src=\"https:\/\/societedesoutien-international-boualemsansal.fr\/wp-content\/uploads\/2025\/10\/05-5.png\" alt=\"\" class=\"wp-image-150 size-full\" srcset=\"https:\/\/societedesoutien-international-boualemsansal.fr\/wp-content\/uploads\/2025\/10\/05-5.png 289w, https:\/\/societedesoutien-international-boualemsansal.fr\/wp-content\/uploads\/2025\/10\/05-5-253x300.png 253w\" sizes=\"auto, (max-width: 289px) 100vw, 289px\" \/><\/figure><div class=\"wp-block-media-text__content\">\n<p><strong>15 octobre 1949<\/strong> : naissance de Boualem \u00e0 Teniet el Had, r\u00e9gion montagneuse de Alg\u00e9rie. Son pr\u00e9nom berb\u00e8re signifie porteur de drapeau et de science. Il est le fils de Khadjidja Benallouche et Abdelkader Sansal, qui se sont rencontr\u00e9s \u00e0 Oran. Abdelkader serait le neveu de Saada Kouadri, la Dj\u00e9da que Boualem d\u00e9crira dans <em>Rue Darwin<\/em>.  <\/p>\n\n\n\n<p><\/p>\n<\/div><\/div>\n\n\n\n<div class=\"wp-block-media-text is-stacked-on-mobile\"><figure class=\"wp-block-media-text__media\"><img loading=\"lazy\" decoding=\"async\" width=\"1024\" height=\"616\" src=\"https:\/\/societedesoutien-international-boualemsansal.fr\/wp-content\/uploads\/2025\/10\/08-1-1024x616.jpg\" alt=\"\" class=\"wp-image-155 size-full\" srcset=\"https:\/\/societedesoutien-international-boualemsansal.fr\/wp-content\/uploads\/2025\/10\/08-1-1024x616.jpg 1024w, https:\/\/societedesoutien-international-boualemsansal.fr\/wp-content\/uploads\/2025\/10\/08-1-300x180.jpg 300w, https:\/\/societedesoutien-international-boualemsansal.fr\/wp-content\/uploads\/2025\/10\/08-1-768x462.jpg 768w, https:\/\/societedesoutien-international-boualemsansal.fr\/wp-content\/uploads\/2025\/10\/08-1-1536x924.jpg 1536w, https:\/\/societedesoutien-international-boualemsansal.fr\/wp-content\/uploads\/2025\/10\/08-1.jpg 1926w\" sizes=\"auto, (max-width: 1024px) 100vw, 1024px\" \/><\/figure><div class=\"wp-block-media-text__content\">\n<p>Orphelin de p\u00e8re, Boualem passe ses premi\u00e8res ann\u00e9es \u00e0 Teniet, aupr\u00e8s de Saada Kouadri. Sa m\u00e8re s&#8217;installe \u00e0 Alger en 1955, o\u00f9 elle se lie \u00e0 un autre homme et devient infirmi\u00e8re. D\u00e9but de l&#8217;insurrection alg\u00e9rienne, conduite par le FLN.<\/p>\n<\/div><\/div>\n\n\n\n<div class=\"wp-block-media-text is-stacked-on-mobile\"><figure class=\"wp-block-media-text__media\"><img loading=\"lazy\" decoding=\"async\" width=\"912\" height=\"582\" src=\"https:\/\/societedesoutien-international-boualemsansal.fr\/wp-content\/uploads\/2025\/10\/Capture-decran-2015-06-24-a-14.29.24.png\" alt=\"\" class=\"wp-image-156 size-full\" srcset=\"https:\/\/societedesoutien-international-boualemsansal.fr\/wp-content\/uploads\/2025\/10\/Capture-decran-2015-06-24-a-14.29.24.png 912w, https:\/\/societedesoutien-international-boualemsansal.fr\/wp-content\/uploads\/2025\/10\/Capture-decran-2015-06-24-a-14.29.24-300x191.png 300w, https:\/\/societedesoutien-international-boualemsansal.fr\/wp-content\/uploads\/2025\/10\/Capture-decran-2015-06-24-a-14.29.24-768x490.png 768w\" sizes=\"auto, (max-width: 912px) 100vw, 912px\" \/><\/figure><div class=\"wp-block-media-text__content\">\n<p>Repris par sa m\u00e8re \u00e0 sa grand-m\u00e8re, Boualem s&#8217;installe en 1957 \u00e0 Alger, dans un studio du quartier Belcourt, rue Darwin, au sein d&#8217;une famille recompos\u00e9e. Le jeune Albert Camus, qui re\u00e7oit cette m\u00eame ann\u00e9e le prix Nobel, avait v\u00e9cu cent m\u00e8tres plus bas. L&#8217;enfance, ce sont des jours heureux, mais \u00e9galement l&#8217;exp\u00e9rience de la guerre, avec la Bataille d&#8217;Alger.<\/p>\n<\/div><\/div>\n\n\n\n<blockquote class=\"wp-block-quote is-layout-flow wp-block-quote-is-layout-flow\">\n<p>3 juillet 1962 : ind\u00e9pendance de l&#8217;Alg\u00e9rie reconnue par la France<\/p>\n\n\n\n<p>&#8220;La paix finit par arriver cependant, apr\u00e8s huit ann\u00e9es de guerre, mais c&#8217;\u00e9tait une dr\u00f4le de paix, elle ne dura qu&#8217;un jour, le temps d&#8217;un coup d&#8217;Etat, le premier d&#8217;une s\u00e9rie, car aussit\u00f4t, le lendemain de l&#8217;ind\u00e9pendance, le 5 juillet 1962, la libert\u00e9 gagn\u00e9e par le sang a \u00e9t\u00e9 vol\u00e9e au peuple comme on vole l&#8217;agrent des pauvres, avec m\u00e9pris et vulgarit\u00e9.&#8221;<\/p>\n\n\n\n<p>Boualem Sansal<\/p>\n<\/blockquote>\n\n\n\n<div class=\"wp-block-media-text is-stacked-on-mobile\"><figure class=\"wp-block-media-text__media\"><img loading=\"lazy\" decoding=\"async\" width=\"859\" height=\"1024\" src=\"https:\/\/societedesoutien-international-boualemsansal.fr\/wp-content\/uploads\/2025\/10\/13-859x1024.jpg\" alt=\"\" class=\"wp-image-159 size-full\" srcset=\"https:\/\/societedesoutien-international-boualemsansal.fr\/wp-content\/uploads\/2025\/10\/13-859x1024.jpg 859w, https:\/\/societedesoutien-international-boualemsansal.fr\/wp-content\/uploads\/2025\/10\/13-252x300.jpg 252w, https:\/\/societedesoutien-international-boualemsansal.fr\/wp-content\/uploads\/2025\/10\/13-768x915.jpg 768w, https:\/\/societedesoutien-international-boualemsansal.fr\/wp-content\/uploads\/2025\/10\/13-1289x1536.jpg 1289w, https:\/\/societedesoutien-international-boualemsansal.fr\/wp-content\/uploads\/2025\/10\/13.jpg 1327w\" sizes=\"auto, (max-width: 859px) 100vw, 859px\" \/><\/figure><div class=\"wp-block-media-text__content\">\n<p><strong>1963-1972 <\/strong>: coll\u00e8ge et lyc\u00e9e Charles-Lutaud (devenu le lyc\u00e9e El-Idrissi) ; bachelier \u00e0 17 ans, il int\u00e8gre l&#8217;Ecole polytechnique d&#8217;Alger en 1968, o\u00f9 il suit des cours d&#8217;\u00e9lectro-m\u00e9canique. Sa vocation litt\u00e9raire na\u00eet durant ses ann\u00e9es, marqu\u00e9es par un \u00e9lan r\u00e9volutionnaire et internationaliste : &#8220;Je suis tomb\u00e9 dans le vice du livre. Je suis parti dans tous les sens, \u00e0 la recherche des po\u00e8tes maudits et des \u00e9crivains rebelles.&#8221;<\/p>\n\n\n\n<p>Boum\u00e9dienne est au pouvoir depuis 1965, apr\u00e8s avoir renvers\u00e9 Ben Bella. <\/p>\n\n\n\n<p>  <\/p>\n<\/div><\/div>\n\n\n\n<div class=\"wp-block-media-text is-stacked-on-mobile\"><figure class=\"wp-block-media-text__media\"><img loading=\"lazy\" decoding=\"async\" width=\"735\" height=\"1024\" src=\"https:\/\/societedesoutien-international-boualemsansal.fr\/wp-content\/uploads\/2025\/10\/15-735x1024.jpg\" alt=\"\" class=\"wp-image-163 size-full\" srcset=\"https:\/\/societedesoutien-international-boualemsansal.fr\/wp-content\/uploads\/2025\/10\/15-735x1024.jpg 735w, https:\/\/societedesoutien-international-boualemsansal.fr\/wp-content\/uploads\/2025\/10\/15-215x300.jpg 215w, https:\/\/societedesoutien-international-boualemsansal.fr\/wp-content\/uploads\/2025\/10\/15-768x1070.jpg 768w, https:\/\/societedesoutien-international-boualemsansal.fr\/wp-content\/uploads\/2025\/10\/15.jpg 922w\" sizes=\"auto, (max-width: 735px) 100vw, 735px\" \/><\/figure><div class=\"wp-block-media-text__content\">\n<p><strong>1972-1980<\/strong> : ing\u00e9nieur, Boualem Sansal est rattach\u00e9 au Campus de Boumerd\u00e8s, non loin d&#8217;Alger, enseignant \u00e0 l&#8217;Institut de la productivit\u00e9 et du d\u00e9veloppement industriel. Il se lie \u00e0 l&#8217;\u00e9crivain Mohamed Mimouni (1945-1995).<\/p>\n\n\n\n<p>Au cours d&#8217;une mission dans la r\u00e9gion de S\u00e9tif, il apprend l&#8217;existence d&#8217;un ancien nazi exfiltr\u00e9, converti \u00e0 l&#8217;Islam et devenu cheikh local : c&#8217;est l&#8217;histoire du <em>Village de l&#8217;Allemand<\/em>, son sixi\u00e8me roman.<\/p>\n\n\n\n<p>Premier mariage avec Anicka en 1974, jeune femme rencontr\u00e9e \u00e0 Prague lors d&#8217;un voyage d&#8217;\u00e9changes culturels. Ils ont deux filles. Ils vivront bient\u00f4t s\u00e9par\u00e9s.<\/p>\n<\/div><\/div>\n\n\n\n<div class=\"wp-block-media-text is-stacked-on-mobile\"><figure class=\"wp-block-media-text__media\"><img loading=\"lazy\" decoding=\"async\" width=\"958\" height=\"1024\" src=\"https:\/\/societedesoutien-international-boualemsansal.fr\/wp-content\/uploads\/2025\/10\/20-1-958x1024.jpg\" alt=\"\" class=\"wp-image-167 size-full\" srcset=\"https:\/\/societedesoutien-international-boualemsansal.fr\/wp-content\/uploads\/2025\/10\/20-1-958x1024.jpg 958w, https:\/\/societedesoutien-international-boualemsansal.fr\/wp-content\/uploads\/2025\/10\/20-1-281x300.jpg 281w, https:\/\/societedesoutien-international-boualemsansal.fr\/wp-content\/uploads\/2025\/10\/20-1-768x821.jpg 768w, https:\/\/societedesoutien-international-boualemsansal.fr\/wp-content\/uploads\/2025\/10\/20-1-1436x1536.jpg 1436w, https:\/\/societedesoutien-international-boualemsansal.fr\/wp-content\/uploads\/2025\/10\/20-1-1915x2048.jpg 1915w\" sizes=\"auto, (max-width: 958px) 100vw, 958px\" \/><\/figure><div class=\"wp-block-media-text__content\">\n<p><strong>1986<\/strong> : mariage avec Naziha, une amie alg\u00e9rienne, \u00e0 Boumerd\u00e8s. <strong>Octobre 1988<\/strong> : Manifestations insurrectionnelles \u00e0 Alger, durement r\u00e9prim\u00e9es, ainsi que l&#8217;\u00e9crivain les \u00e9voquera dans son premier roman : <em>Le Serment des barbares<\/em>. Mont\u00e9e de l&#8217;int\u00e9grisme musulman en Alg\u00e9rie, aboutissant \u00e0 la d\u00e9cennie de guerre civile (ann\u00e9es 1990).<\/p>\n\n\n\n<p><strong>Durant les ann\u00e9es 1990<\/strong>, Boualem Sansal occupe plusieurs postes en administration centrale : conseiller au cabinet du ministre du Commerce (1993-1994), directeur des \u00e9tudes \u00e9conomiques au Conseil \u00e9conomique et social (1994-1996), directeur g\u00e9n\u00e9ral de l&#8217;industrie et de la restructuration au minist\u00e8re de l&#8217;Industrie (1996-12003).<\/p>\n<\/div><\/div>\n\n\n\n<div class=\"wp-block-media-text is-stacked-on-mobile\"><figure class=\"wp-block-media-text__media\"><img loading=\"lazy\" decoding=\"async\" width=\"678\" height=\"1024\" src=\"https:\/\/societedesoutien-international-boualemsansal.fr\/wp-content\/uploads\/2025\/10\/sermentdesbarbares_sansal_blanche-678x1024.jpg\" alt=\"\" class=\"wp-image-170 size-full\" srcset=\"https:\/\/societedesoutien-international-boualemsansal.fr\/wp-content\/uploads\/2025\/10\/sermentdesbarbares_sansal_blanche-678x1024.jpg 678w, https:\/\/societedesoutien-international-boualemsansal.fr\/wp-content\/uploads\/2025\/10\/sermentdesbarbares_sansal_blanche-199x300.jpg 199w, https:\/\/societedesoutien-international-boualemsansal.fr\/wp-content\/uploads\/2025\/10\/sermentdesbarbares_sansal_blanche-768x1160.jpg 768w, https:\/\/societedesoutien-international-boualemsansal.fr\/wp-content\/uploads\/2025\/10\/sermentdesbarbares_sansal_blanche-1017x1536.jpg 1017w, https:\/\/societedesoutien-international-boualemsansal.fr\/wp-content\/uploads\/2025\/10\/sermentdesbarbares_sansal_blanche-1356x2048.jpg 1356w, https:\/\/societedesoutien-international-boualemsansal.fr\/wp-content\/uploads\/2025\/10\/sermentdesbarbares_sansal_blanche.jpg 1606w\" sizes=\"auto, (max-width: 678px) 100vw, 678px\" \/><\/figure><div class=\"wp-block-media-text__content\">\n<p><strong>Septembre 1999<\/strong> : publication aux Editions Gallimard du premier roman de Boualem Sansal, <em>Le Serment de barbares, <\/em>une enqu\u00eate polici\u00e8re sur fond de violence islamiste et de d\u00e9liquescence sociale et politique<em>.<\/em><\/p>\n\n\n\n<p>En <strong>2000<\/strong>, publication du deuxi\u00e8me roman, <em>L&#8217;Enfant fou de l&#8217;arbre creux<\/em>, mettant en sc\u00e8ne deux condamn\u00e9s \u00e0 mort, un Fran\u00e7ais et un Alg\u00e9rien, au bagne de Lamb\u00e8se.<\/p>\n<\/div><\/div>\n\n\n\n<blockquote class=\"wp-block-quote is-layout-flow wp-block-quote-is-layout-flow\">\n<p>&#8220;Ecrit pour d\u00e9noncer tout ce qui a fait des Alg\u00e9riens un peuple asservi&#8230; L\u00e0, je me suis senti libre. Il faut en finir avec ces barbares des temps obscurs, ces porteurs de t\u00e9n\u00e8bres. La lumi\u00e8re n&#8217;est pas avec eux et les lendemains ne chantent jamais que pour les hommes libres.&#8221;<\/p>\n\n\n\n<p>Boualem Sansal<\/p>\n<\/blockquote>\n\n\n\n<div class=\"wp-block-media-text is-stacked-on-mobile\"><figure class=\"wp-block-media-text__media\"><img loading=\"lazy\" decoding=\"async\" width=\"680\" height=\"1024\" src=\"https:\/\/societedesoutien-international-boualemsansal.fr\/wp-content\/uploads\/2025\/10\/16-680x1024.jpg\" alt=\"\" class=\"wp-image-171 size-full\" srcset=\"https:\/\/societedesoutien-international-boualemsansal.fr\/wp-content\/uploads\/2025\/10\/16-680x1024.jpg 680w, https:\/\/societedesoutien-international-boualemsansal.fr\/wp-content\/uploads\/2025\/10\/16-199x300.jpg 199w, https:\/\/societedesoutien-international-boualemsansal.fr\/wp-content\/uploads\/2025\/10\/16-768x1156.jpg 768w, https:\/\/societedesoutien-international-boualemsansal.fr\/wp-content\/uploads\/2025\/10\/16-1021x1536.jpg 1021w, https:\/\/societedesoutien-international-boualemsansal.fr\/wp-content\/uploads\/2025\/10\/16-1361x2048.jpg 1361w, https:\/\/societedesoutien-international-boualemsansal.fr\/wp-content\/uploads\/2025\/10\/16-scaled.jpg 1701w\" sizes=\"auto, (max-width: 680px) 100vw, 680px\" \/><\/figure><div class=\"wp-block-media-text__content\">\n<p><strong>2003<\/strong> : Boualem Sansal est d\u00e9mis de toutes ses fonctions administratives en Alg\u00e9rie, mais continue d&#8217;occuper sa maison de Boumerd\u00e8s. Sa carri\u00e8re litt\u00e9raire se prolonge chez Gallimard, o\u00f9 il est suivi par l&#8217;auteur et \u00e9diteur Jean-Marie Laclavetine (\u00e0 sa gauche, sur la photo ci-contre, prise \u00e0 Sarajevo, en 2000) : parution cons\u00e9cutive de <em>Harraga<\/em>, <em>Le Village de l&#8217;Allemand<\/em>, <em>Rue Darwin<\/em>&#8230;.<\/p>\n\n\n\n<p><strong>2011<\/strong> : Prix de la paix des libraires et \u00e9diteurs allemands, Berlin<\/p>\n\n\n\n<p><strong>2013<\/strong> : Grand Prix de la Francophonie de l&#8217;Acad\u00e9mie fran\u00e7aise<\/p>\n<\/div><\/div>\n\n\n\n<blockquote class=\"wp-block-quote is-layout-flow wp-block-quote-is-layout-flow\">\n<p>&#8220;Un Prix de la paix, \u00e0 moi ?, me disais-je, \u00e0 moi qui vis dans la guerre depuis toujours, qui ne parle que de la guerre dans mes livres, et qui peut-\u00eatre ne croit qu\u2019\u00e0 la guerre, car toujours elle est sur notre chemin, et apr\u00e8s tout nous n\u2019existons que par elle, c\u2019est elle qui nous fait ch\u00e9rir la vie, c\u2019est bien elle qui nous fait r\u00eaver de la paix et nous incite \u00e0 la rechercher, et puis h\u00e9las ainsi est notre histoire en Alg\u00e9rie, jamais au cours des si\u00e8cles nous n\u2019avons eu le choix entre guerre et paix mais seulement entre guerre et guerre et quelles guerres&#8230;&#8221;<\/p>\n\n\n\n<p>Boualem Sansal, Discours pour le prix de la paix des libraires et \u00e9diteurs allemands, 2011 (repris en &#8220;Tracts Gallimard&#8221;, n\u00b0 66, 2025).<\/p>\n<\/blockquote>\n\n\n\n<div class=\"wp-block-media-text is-stacked-on-mobile\"><figure class=\"wp-block-media-text__media\"><img loading=\"lazy\" decoding=\"async\" width=\"693\" height=\"1024\" src=\"https:\/\/societedesoutien-international-boualemsansal.fr\/wp-content\/uploads\/2025\/10\/09_quarto-1-693x1024.jpg\" alt=\"\" class=\"wp-image-173 size-full\" srcset=\"https:\/\/societedesoutien-international-boualemsansal.fr\/wp-content\/uploads\/2025\/10\/09_quarto-1-693x1024.jpg 693w, https:\/\/societedesoutien-international-boualemsansal.fr\/wp-content\/uploads\/2025\/10\/09_quarto-1-203x300.jpg 203w, https:\/\/societedesoutien-international-boualemsansal.fr\/wp-content\/uploads\/2025\/10\/09_quarto-1-768x1134.jpg 768w, https:\/\/societedesoutien-international-boualemsansal.fr\/wp-content\/uploads\/2025\/10\/09_quarto-1-1040x1536.jpg 1040w, https:\/\/societedesoutien-international-boualemsansal.fr\/wp-content\/uploads\/2025\/10\/09_quarto-1-1386x2048.jpg 1386w, https:\/\/societedesoutien-international-boualemsansal.fr\/wp-content\/uploads\/2025\/10\/09_quarto-1.jpg 1622w\" sizes=\"auto, (max-width: 693px) 100vw, 693px\" \/><\/figure><div class=\"wp-block-media-text__content\">\n<p><\/p>\n\n\n\n<p><strong>10 octobre 2013<\/strong> : <em>Gouverner au nom d&#8217;Allah. Islamisation et soif de pouvoir dans le monde arabe.  <\/em><\/p>\n\n\n\n<p><strong>Ao\u00fbt 2015<\/strong> : publication des romans de Boualem Sansal dans la collection &#8220;Quarto&#8221;, 20 ans apr\u00e8s la parution de son premier roman. Suivent quatre oeuvres de fiction (<em>2084<\/em> (Grand Prix du roman de l&#8217;Acad\u00e9mie fran\u00e7aise), <em>Le Train d&#8217;Erlingen ou la M\u00e9tamorphose des dieux, Abraham <\/em>et <em>Vivre<\/em>).<\/p>\n\n\n\n<p><strong>20 juin 2024<\/strong> : naturalisation fran\u00e7aise de Boualem Sansal, d\u00e9sormais \u00e9crivain francophone <em>et <\/em>franco-alg\u00e9rien.<\/p>\n<\/div><\/div>\n\n\n\n<blockquote class=\"wp-block-quote is-layout-flow wp-block-quote-is-layout-flow\">\n<p>\u00ab D\u00e8s son premier roman Boualem Sansal a impos\u00e9 la puissance d&#8217;une litt\u00e9rature \u00e9crite &#8220;\u00e0 la lumi\u00e8re des Lumi\u00e8res&#8221;, port\u00e9e par le miracle d&#8217;une langue r\u00e9invent\u00e9e. &#8220;En Alg\u00e9rie, nous sommes analphab\u00e8tes trilingues : nous avons perdu le fran\u00e7ais \u00e0 cause de l&#8217;arabisation forc\u00e9e, l&#8217;arabe est peu ou mal enseign\u00e9, nous avons perdu le kabyle et nos langues ancestrales.&#8221; Le seul langage qui reste \u00e0 la plupart, c&#8217;est la violence. Le romancier, lui, dispose de la langue, cette langue exalt\u00e9e, magnifi\u00e9e par la solitude rougeoyante de la forge o\u00f9 se forment les phrases. \u00bb<\/p>\n\n\n\n<p>Jean-Marie Laclavetine, pr\u00e9face aux <em>Romans de Boualem Sansal (<\/em>Quarto, 2015)<\/p>\n<\/blockquote>\n\n\n\n<div class=\"wp-block-media-text is-stacked-on-mobile\"><figure class=\"wp-block-media-text__media\"><img loading=\"lazy\" decoding=\"async\" width=\"478\" height=\"720\" src=\"https:\/\/societedesoutien-international-boualemsansal.fr\/wp-content\/uploads\/2025\/10\/BoualemSansal.jpg\" alt=\"\" class=\"wp-image-179 size-full\" srcset=\"https:\/\/societedesoutien-international-boualemsansal.fr\/wp-content\/uploads\/2025\/10\/BoualemSansal.jpg 478w, https:\/\/societedesoutien-international-boualemsansal.fr\/wp-content\/uploads\/2025\/10\/BoualemSansal-199x300.jpg 199w\" sizes=\"auto, (max-width: 478px) 100vw, 478px\" \/><\/figure><div class=\"wp-block-media-text__content\">\n<p><strong>16 novembre 2024<\/strong> : Arrestation \u00e0 l&#8217;a\u00e9roport d&#8217;Alger par les autorit\u00e9s de police alg\u00e9rienne et incarc\u00e9ration<\/p>\n\n\n\n<p><strong>1<sup>er<\/sup> mars 2025<\/strong> : condamnation en appel \u00e0 cinq ans de prison<\/p>\n<\/div><\/div>\n\n\n\n<div class=\"wp-block-media-text is-stacked-on-mobile\"><figure class=\"wp-block-media-text__media\"><img loading=\"lazy\" decoding=\"async\" width=\"1024\" height=\"811\" src=\"https:\/\/societedesoutien-international-boualemsansal.fr\/wp-content\/uploads\/2025\/10\/daniel-rondeau-de-lacademie-francaise-et-antoine-gallimard-le-18-juin-2025-sous-la-coupole-1024x811.png\" alt=\"\" class=\"wp-image-175 size-full\" srcset=\"https:\/\/societedesoutien-international-boualemsansal.fr\/wp-content\/uploads\/2025\/10\/daniel-rondeau-de-lacademie-francaise-et-antoine-gallimard-le-18-juin-2025-sous-la-coupole-1024x811.png 1024w, https:\/\/societedesoutien-international-boualemsansal.fr\/wp-content\/uploads\/2025\/10\/daniel-rondeau-de-lacademie-francaise-et-antoine-gallimard-le-18-juin-2025-sous-la-coupole-300x238.png 300w, https:\/\/societedesoutien-international-boualemsansal.fr\/wp-content\/uploads\/2025\/10\/daniel-rondeau-de-lacademie-francaise-et-antoine-gallimard-le-18-juin-2025-sous-la-coupole-768x608.png 768w, https:\/\/societedesoutien-international-boualemsansal.fr\/wp-content\/uploads\/2025\/10\/daniel-rondeau-de-lacademie-francaise-et-antoine-gallimard-le-18-juin-2025-sous-la-coupole.png 1205w\" sizes=\"auto, (max-width: 1024px) 100vw, 1024px\" \/><\/figure><div class=\"wp-block-media-text__content\">\n<p><\/p>\n\n\n\n<p><strong>18 juin 2025<\/strong> : remise du Prix mondial Cina del Duco, de l&#8217;Acad\u00e9mie fran\u00e7aise, \u00e0 Boualem Sansal. Son \u00e9diteur, Antoine Gallimard, le re\u00e7oit en l&#8217;absence de l&#8217;auteur, de la main de Daniel Rondeau, de l&#8217;Acad\u00e9mie fran\u00e7aise <\/p>\n<\/div><\/div>\n\n\n\n<figure class=\"wp-block-image size-large\"><img loading=\"lazy\" decoding=\"async\" width=\"1024\" height=\"724\" src=\"https:\/\/societedesoutien-international-boualemsansal.fr\/wp-content\/uploads\/2025\/10\/Sansal_IMA-7-1024x724.jpeg\" alt=\"\" class=\"wp-image-181\" srcset=\"https:\/\/societedesoutien-international-boualemsansal.fr\/wp-content\/uploads\/2025\/10\/Sansal_IMA-7-1024x724.jpeg 1024w, https:\/\/societedesoutien-international-boualemsansal.fr\/wp-content\/uploads\/2025\/10\/Sansal_IMA-7-300x212.jpeg 300w, https:\/\/societedesoutien-international-boualemsansal.fr\/wp-content\/uploads\/2025\/10\/Sansal_IMA-7-768x543.jpeg 768w, https:\/\/societedesoutien-international-boualemsansal.fr\/wp-content\/uploads\/2025\/10\/Sansal_IMA-7-1536x1086.jpeg 1536w, https:\/\/societedesoutien-international-boualemsansal.fr\/wp-content\/uploads\/2025\/10\/Sansal_IMA-7-2048x1448.jpeg 2048w\" sizes=\"auto, (max-width: 1024px) 100vw, 1024px\" \/><figcaption class=\"wp-element-caption\">Dessin de Xavier Gorce pour Lib\u00e9rez Boualem Sansal. Les \u00e9crivains se mobilisent, 18 f\u00e9vrier 2025.<\/figcaption><\/figure>\n","protected":false},"excerpt":{"rendered":"<p>15 octobre 1949 : naissance de Boualem \u00e0 Teniet el Had, r\u00e9gion montagneuse de Alg\u00e9rie. Son pr\u00e9nom berb\u00e8re signifie porteur de drapeau et de science. Il est le fils de Khadjidja Benallouche et Abdelkader Sansal, qui se sont rencontr\u00e9s \u00e0 Oran. Abdelkader serait le neveu de Saada Kouadri, la Dj\u00e9da que Boualem d\u00e9crira dans Rue [&hellip;]<\/p>\n","protected":false},"author":1,"featured_media":0,"parent":0,"menu_order":4,"comment_status":"closed","ping_status":"open","template":"","meta":{"footnotes":""},"class_list":["post-2","page","type-page","status-publish","hentry"],"_links":{"self":[{"href":"https:\/\/societedesoutien-international-boualemsansal.fr\/index.php?rest_route=\/wp\/v2\/pages\/2","targetHints":{"allow":["GET"]}}],"collection":[{"href":"https:\/\/societedesoutien-international-boualemsansal.fr\/index.php?rest_route=\/wp\/v2\/pages"}],"about":[{"href":"https:\/\/societedesoutien-international-boualemsansal.fr\/index.php?rest_route=\/wp\/v2\/types\/page"}],"author":[{"embeddable":true,"href":"https:\/\/societedesoutien-international-boualemsansal.fr\/index.php?rest_route=\/wp\/v2\/users\/1"}],"replies":[{"embeddable":true,"href":"https:\/\/societedesoutien-international-boualemsansal.fr\/index.php?rest_route=%2Fwp%2Fv2%2Fcomments&post=2"}],"version-history":[{"count":12,"href":"https:\/\/societedesoutien-international-boualemsansal.fr\/index.php?rest_route=\/wp\/v2\/pages\/2\/revisions"}],"predecessor-version":[{"id":182,"href":"https:\/\/societedesoutien-international-boualemsansal.fr\/index.php?rest_route=\/wp\/v2\/pages\/2\/revisions\/182"}],"wp:attachment":[{"href":"https:\/\/societedesoutien-international-boualemsansal.fr\/index.php?rest_route=%2Fwp%2Fv2%2Fmedia&parent=2"}],"curies":[{"name":"wp","href":"https:\/\/api.w.org\/{rel}","templated":true}]}}